{"id":977,"date":"2023-07-25T11:22:58","date_gmt":"2023-07-25T09:22:58","guid":{"rendered":"http:\/\/vorschau.edr.eu\/?page_id=977"},"modified":"2026-02-27T13:50:44","modified_gmt":"2026-02-27T11:50:44","slug":"interreg-subsidieprogramma","status":"publish","type":"page","link":"https:\/\/edr.eu\/nl\/interreg-foerderprogramm\/","title":{"rendered":"Interreg-subsidieprogramma"},"content":{"rendered":"<div data-elementor-type=\"wp-page\" data-elementor-id=\"977\" class=\"elementor elementor-977\" data-elementor-settings=\"{&quot;ha_cmc_init_switcher&quot;:&quot;no&quot;}\" data-elementor-post-type=\"page\">\n\t\t\t\t\t\t<section class=\"elementor-section elementor-top-section elementor-element elementor-element-45cc55d elementor-section-boxed elementor-section-height-default elementor-section-height-default\" data-id=\"45cc55d\" data-element_type=\"section\" data-e-type=\"section\" data-settings=\"{&quot;_ha_eqh_enable&quot;:false}\">\n\t\t\t\t\t\t<div class=\"elementor-container elementor-column-gap-default\">\n\t\t\t\t\t<div class=\"elementor-column elementor-col-66 elementor-top-column elementor-element elementor-element-44a0731\" data-id=\"44a0731\" data-element_type=\"column\" data-e-type=\"column\">\n\t\t\t<div class=\"elementor-widget-wrap elementor-element-populated\">\n\t\t\t\t\t\t<section class=\"elementor-section elementor-inner-section elementor-element elementor-element-e837448 elementor-section-boxed elementor-section-height-default elementor-section-height-default\" data-id=\"e837448\" data-element_type=\"section\" data-e-type=\"section\" data-settings=\"{&quot;_ha_eqh_enable&quot;:false}\">\n\t\t\t\t\t\t<div class=\"elementor-container elementor-column-gap-default\">\n\t\t\t\t\t<div class=\"elementor-column elementor-col-100 elementor-inner-column elementor-element elementor-element-16fad39\" data-id=\"16fad39\" data-element_type=\"column\" data-e-type=\"column\" data-settings=\"{&quot;background_background&quot;:&quot;classic&quot;}\">\n\t\t\t<div class=\"elementor-widget-wrap elementor-element-populated\">\n\t\t\t\t\t<div class=\"elementor-background-overlay\"><\/div>\n\t\t\t\t\t\t<div class=\"elementor-element elementor-element-6e0386a ha-has-bg-overlay elementor-widget elementor-widget-heading\" data-id=\"6e0386a\" data-element_type=\"widget\" data-e-type=\"widget\" data-widget_type=\"heading.default\">\n\t\t\t\t<div class=\"elementor-widget-container\">\n\t\t\t\t\t<h1 class=\"elementor-heading-title elementor-size-default\">Interreg<\/h1>\t\t\t\t<\/div>\n\t\t\t\t<\/div>\n\t\t\t\t<div class=\"elementor-element elementor-element-f0541a6 ha-has-bg-overlay elementor-widget elementor-widget-text-editor\" data-id=\"f0541a6\" data-element_type=\"widget\" data-e-type=\"widget\" data-widget_type=\"text-editor.default\">\n\t\t\t\t<div class=\"elementor-widget-container\">\n\t\t\t\t\t\t\t\t\t<p>Het Interreg-programma ondersteunt grensoverschrijdende Nederlands-Duitse projecten. Heeft u een projectvoorstel?<\/p>\t\t\t\t\t\t\t\t<\/div>\n\t\t\t\t<\/div>\n\t\t\t\t\t<\/div>\n\t\t<\/div>\n\t\t\t\t\t<\/div>\n\t\t<\/section>\n\t\t\t\t\t<\/div>\n\t\t<\/div>\n\t\t\t\t<div class=\"elementor-column elementor-col-33 elementor-top-column elementor-element elementor-element-677bc1c\" data-id=\"677bc1c\" data-element_type=\"column\" data-e-type=\"column\" data-settings=\"{&quot;background_background&quot;:&quot;classic&quot;}\">\n\t\t\t<div class=\"elementor-widget-wrap elementor-element-populated\">\n\t\t\t\t\t\t<div class=\"elementor-element elementor-element-30a4f50 elementor-widget elementor-widget-image\" data-id=\"30a4f50\" data-element_type=\"widget\" data-e-type=\"widget\" data-widget_type=\"image.default\">\n\t\t\t\t<div class=\"elementor-widget-container\">\n\t\t\t\t\t\t\t\t\t\t\t\t\t\t\t<img decoding=\"async\" width=\"391\" height=\"90\" src=\"https:\/\/edr.eu\/wp-content\/uploads\/2023\/07\/INTERREG_logo2022_opwit_RGB.svg\" class=\"attachment-full size-full wp-image-17\" alt=\"Interreg Logo\" \/>\t\t\t\t\t\t\t\t\t\t\t\t\t\t\t<\/div>\n\t\t\t\t<\/div>\n\t\t\t\t<div class=\"elementor-element elementor-element-e46c025 elementor-widget elementor-widget-text-editor\" data-id=\"e46c025\" data-element_type=\"widget\" data-e-type=\"widget\" data-widget_type=\"text-editor.default\">\n\t\t\t\t<div class=\"elementor-widget-container\">\n\t\t\t\t\t\t\t\t\t<p>Heeft u vragen of wilt u meer informatie over het Interreg subsidieprogramma in het gebied van de Eems-Dollard-Regio?<br \/>Het team van het regionale programmamanagement helpt u graag verder! <\/p>\t\t\t\t\t\t\t\t<\/div>\n\t\t\t\t<\/div>\n\t\t\t\t<div class=\"elementor-element elementor-element-2837118 elementor-widget-divider--view-line elementor-widget elementor-widget-divider\" data-id=\"2837118\" data-element_type=\"widget\" data-e-type=\"widget\" data-widget_type=\"divider.default\">\n\t\t\t\t<div class=\"elementor-widget-container\">\n\t\t\t\t\t\t\t<div class=\"elementor-divider\">\n\t\t\t<span class=\"elementor-divider-separator\">\n\t\t\t\t\t\t<\/span>\n\t\t<\/div>\n\t\t\t\t\t\t<\/div>\n\t\t\t\t<\/div>\n\t\t\t\t<div class=\"elementor-element elementor-element-f2aff6c elementor-widget elementor-widget-heading\" data-id=\"f2aff6c\" data-element_type=\"widget\" data-e-type=\"widget\" data-widget_type=\"heading.default\">\n\t\t\t\t<div class=\"elementor-widget-container\">\n\t\t\t\t\t<h2 class=\"elementor-heading-title elementor-size-default\">Contact<\/h2>\t\t\t\t<\/div>\n\t\t\t\t<\/div>\n\t\t\t\t<div class=\"elementor-element elementor-element-1d6d94c elementor-mobile-align-start elementor-icon-list--layout-traditional elementor-list-item-link-full_width elementor-widget elementor-widget-icon-list\" data-id=\"1d6d94c\" data-element_type=\"widget\" data-e-type=\"widget\" data-widget_type=\"icon-list.default\">\n\t\t\t\t<div class=\"elementor-widget-container\">\n\t\t\t\t\t\t\t<ul class=\"elementor-icon-list-items\">\n\t\t\t\t\t\t\t<li class=\"elementor-icon-list-item\">\n\t\t\t\t\t\t\t\t\t\t\t<a href=\"mailto:rpm@edr.eu\">\n\n\t\t\t\t\t\t\t\t\t\t\t\t<span class=\"elementor-icon-list-icon\">\n\t\t\t\t\t\t\t<svg aria-hidden=\"true\" class=\"e-font-icon-svg e-fas-envelope-open\" viewbox=\"0 0 512 512\" xmlns=\"http:\/\/www.w3.org\/2000\/svg\"><path d=\"M512 464c0 26.51-21.49 48-48 48H48c-26.51 0-48-21.49-48-48V200.724a48 48 0 0 1 18.387-37.776c24.913-19.529 45.501-35.365 164.2-121.511C199.412 29.17 232.797-.347 256 .003c23.198-.354 56.596 29.172 73.413 41.433 118.687 86.137 139.303 101.995 164.2 121.512A48 48 0 0 1 512 200.724V464zm-65.666-196.605c-2.563-3.728-7.7-4.595-11.339-1.907-22.845 16.873-55.462 40.705-105.582 77.079-16.825 12.266-50.21 41.781-73.413 41.43-23.211.344-56.559-29.143-73.413-41.43-50.114-36.37-82.734-60.204-105.582-77.079-3.639-2.688-8.776-1.821-11.339 1.907l-9.072 13.196a7.998 7.998 0 0 0 1.839 10.967c22.887 16.899 55.454 40.69 105.303 76.868 20.274 14.781 56.524 47.813 92.264 47.573 35.724.242 71.961-32.771 92.263-47.573 49.85-36.179 82.418-59.97 105.303-76.868a7.998 7.998 0 0 0 1.839-10.967l-9.071-13.196z\"><\/path><\/svg>\t\t\t\t\t\t<\/span>\n\t\t\t\t\t\t\t\t\t\t<span class=\"elementor-icon-list-text\">rpm@edr.eu<\/span>\n\t\t\t\t\t\t\t\t\t\t\t<\/a>\n\t\t\t\t\t\t\t\t\t<\/li>\n\t\t\t\t\t\t<\/ul>\n\t\t\t\t\t\t<\/div>\n\t\t\t\t<\/div>\n\t\t\t\t<div class=\"elementor-element elementor-element-3ce2f37 elementor-widget elementor-widget-button\" data-id=\"3ce2f37\" data-element_type=\"widget\" data-e-type=\"widget\" data-widget_type=\"button.default\">\n\t\t\t\t<div class=\"elementor-widget-container\">\n\t\t\t\t\t\t\t\t\t<div class=\"elementor-button-wrapper\">\n\t\t\t\t\t<a class=\"elementor-button elementor-button-link elementor-size-sm\" href=\"\/team\/#rpm\">\n\t\t\t\t\t\t<span class=\"elementor-button-content-wrapper\">\n\t\t\t\t\t\t\t\t\t<span class=\"elementor-button-text\">Contactpersonen<\/span>\n\t\t\t\t\t<\/span>\n\t\t\t\t\t<\/a>\n\t\t\t\t<\/div>\n\t\t\t\t\t\t\t\t<\/div>\n\t\t\t\t<\/div>\n\t\t\t\t\t<\/div>\n\t\t<\/div>\n\t\t\t\t\t<\/div>\n\t\t<\/section>\n\t\t\t\t<section class=\"elementor-section elementor-top-section elementor-element elementor-element-4d1a97b elementor-section-boxed elementor-section-height-default elementor-section-height-default\" data-id=\"4d1a97b\" data-element_type=\"section\" data-e-type=\"section\" data-settings=\"{&quot;background_background&quot;:&quot;classic&quot;,&quot;_ha_eqh_enable&quot;:false}\">\n\t\t\t\t\t\t<div class=\"elementor-container elementor-column-gap-default\">\n\t\t\t\t\t<div class=\"elementor-column elementor-col-100 elementor-top-column elementor-element elementor-element-045361c\" data-id=\"045361c\" data-element_type=\"column\" data-e-type=\"column\" data-settings=\"{&quot;background_background&quot;:&quot;classic&quot;}\">\n\t\t\t<div class=\"elementor-widget-wrap elementor-element-populated\">\n\t\t\t\t\t\t<div class=\"elementor-element elementor-element-e3c3075 elementor-widget elementor-widget-heading\" data-id=\"e3c3075\" data-element_type=\"widget\" data-e-type=\"widget\" data-widget_type=\"heading.default\">\n\t\t\t\t<div class=\"elementor-widget-container\">\n\t\t\t\t\t<h2 class=\"elementor-heading-title elementor-size-default\">Doelstellingen:<\/h2>\t\t\t\t<\/div>\n\t\t\t\t<\/div>\n\t\t\t\t<div class=\"elementor-element elementor-element-a5e3688 elementor-widget-divider--view-line elementor-widget elementor-widget-divider\" data-id=\"a5e3688\" data-element_type=\"widget\" data-e-type=\"widget\" data-widget_type=\"divider.default\">\n\t\t\t\t<div class=\"elementor-widget-container\">\n\t\t\t\t\t\t\t<div class=\"elementor-divider\">\n\t\t\t<span class=\"elementor-divider-separator\">\n\t\t\t\t\t\t<\/span>\n\t\t<\/div>\n\t\t\t\t\t\t<\/div>\n\t\t\t\t<\/div>\n\t\t\t\t<div class=\"elementor-element elementor-element-e4d4081 elementor-widget__width-auto elementor-widget elementor-widget-text-editor\" data-id=\"e4d4081\" data-element_type=\"widget\" data-e-type=\"widget\" data-widget_type=\"text-editor.default\">\n\t\t\t\t<div class=\"elementor-widget-container\">\n\t\t\t\t\t\t\t\t\t<p>Europa groeit naar elkaar toe langs de nationale grenzen. Om dit proces te ondersteunen heeft de Europese Unie verschillende Interreg subsidieprogramma's ge\u00efnitieerd. De Eems Dollard Regio (EDR) maakt als programmapartner actief deel uit van het Interreg VI A-programma Duitsland-Nederland.<\/p>\t\t\t\t\t\t\t\t<\/div>\n\t\t\t\t<\/div>\n\t\t\t\t<div class=\"elementor-element elementor-element-33a7a84 elementor-widget__width-auto elementor-icon-list--layout-traditional elementor-list-item-link-full_width elementor-widget elementor-widget-icon-list\" data-id=\"33a7a84\" data-element_type=\"widget\" data-e-type=\"widget\" data-widget_type=\"icon-list.default\">\n\t\t\t\t<div class=\"elementor-widget-container\">\n\t\t\t\t\t\t\t<ul class=\"elementor-icon-list-items\">\n\t\t\t\t\t\t\t<li class=\"elementor-icon-list-item\">\n\t\t\t\t\t\t\t\t\t\t\t<span class=\"elementor-icon-list-icon\">\n\t\t\t\t\t\t\t<svg aria-hidden=\"true\" class=\"e-font-icon-svg e-fas-check\" viewbox=\"0 0 512 512\" xmlns=\"http:\/\/www.w3.org\/2000\/svg\"><path d=\"M173.898 439.404l-166.4-166.4c-9.997-9.997-9.997-26.206 0-36.204l36.203-36.204c9.997-9.998 26.207-9.998 36.204 0L192 312.69 432.095 72.596c9.997-9.997 26.207-9.997 36.204 0l36.203 36.204c9.997 9.997 9.997 26.206 0 36.204l-294.4 294.401c-9.998 9.997-26.207 9.997-36.204-.001z\"><\/path><\/svg>\t\t\t\t\t\t<\/span>\n\t\t\t\t\t\t\t\t\t\t<span class=\"elementor-icon-list-text\">grensregio\u2019s versterken<\/span>\n\t\t\t\t\t\t\t\t\t<\/li>\n\t\t\t\t\t\t\t\t<li class=\"elementor-icon-list-item\">\n\t\t\t\t\t\t\t\t\t\t\t<span class=\"elementor-icon-list-icon\">\n\t\t\t\t\t\t\t<svg aria-hidden=\"true\" class=\"e-font-icon-svg e-fas-check\" viewbox=\"0 0 512 512\" xmlns=\"http:\/\/www.w3.org\/2000\/svg\"><path d=\"M173.898 439.404l-166.4-166.4c-9.997-9.997-9.997-26.206 0-36.204l36.203-36.204c9.997-9.998 26.207-9.998 36.204 0L192 312.69 432.095 72.596c9.997-9.997 26.207-9.997 36.204 0l36.203 36.204c9.997 9.997 9.997 26.206 0 36.204l-294.4 294.401c-9.998 9.997-26.207 9.997-36.204-.001z\"><\/path><\/svg>\t\t\t\t\t\t<\/span>\n\t\t\t\t\t\t\t\t\t\t<span class=\"elementor-icon-list-text\">economische en sociale barri\u00e8res afbouwen<\/span>\n\t\t\t\t\t\t\t\t\t<\/li>\n\t\t\t\t\t\t\t\t<li class=\"elementor-icon-list-item\">\n\t\t\t\t\t\t\t\t\t\t\t<span class=\"elementor-icon-list-icon\">\n\t\t\t\t\t\t\t<svg aria-hidden=\"true\" class=\"e-font-icon-svg e-fas-check\" viewbox=\"0 0 512 512\" xmlns=\"http:\/\/www.w3.org\/2000\/svg\"><path d=\"M173.898 439.404l-166.4-166.4c-9.997-9.997-9.997-26.206 0-36.204l36.203-36.204c9.997-9.998 26.207-9.998 36.204 0L192 312.69 432.095 72.596c9.997-9.997 26.207-9.997 36.204 0l36.203 36.204c9.997 9.997 9.997 26.206 0 36.204l-294.4 294.401c-9.998 9.997-26.207 9.997-36.204-.001z\"><\/path><\/svg>\t\t\t\t\t\t<\/span>\n\t\t\t\t\t\t\t\t\t\t<span class=\"elementor-icon-list-text\">een Europese harmonisatie van de levens- en economische omstandigheden mogelijk maken<\/span>\n\t\t\t\t\t\t\t\t\t<\/li>\n\t\t\t\t\t\t<\/ul>\n\t\t\t\t\t\t<\/div>\n\t\t\t\t<\/div>\n\t\t\t\t\t<\/div>\n\t\t<\/div>\n\t\t\t\t\t<\/div>\n\t\t<\/section>\n\t\t\t\t<section class=\"elementor-section elementor-top-section elementor-element elementor-element-fb9db53 elementor-section-boxed elementor-section-height-default elementor-section-height-default\" data-id=\"fb9db53\" data-element_type=\"section\" data-e-type=\"section\" data-settings=\"{&quot;background_background&quot;:&quot;classic&quot;,&quot;_ha_eqh_enable&quot;:false}\">\n\t\t\t\t\t\t<div class=\"elementor-container elementor-column-gap-wider\">\n\t\t\t\t\t<div class=\"elementor-column elementor-col-100 elementor-top-column elementor-element elementor-element-e9a852a\" data-id=\"e9a852a\" data-element_type=\"column\" data-e-type=\"column\" data-settings=\"{&quot;background_background&quot;:&quot;classic&quot;}\">\n\t\t\t<div class=\"elementor-widget-wrap elementor-element-populated\">\n\t\t\t\t\t\t<div class=\"elementor-element elementor-element-f8cb72a elementor-widget elementor-widget-heading\" data-id=\"f8cb72a\" data-element_type=\"widget\" data-e-type=\"widget\" data-widget_type=\"heading.default\">\n\t\t\t\t<div class=\"elementor-widget-container\">\n\t\t\t\t\t<h2 class=\"elementor-heading-title elementor-size-default\">Het Interreg VI A-programma richt zich op vier centrale prioriteiten:<\/h2>\t\t\t\t<\/div>\n\t\t\t\t<\/div>\n\t\t\t\t<section class=\"elementor-section elementor-inner-section elementor-element elementor-element-ff468dd elementor-section-boxed elementor-section-height-default elementor-section-height-default\" data-id=\"ff468dd\" data-element_type=\"section\" data-e-type=\"section\" data-settings=\"{&quot;_ha_eqh_enable&quot;:false}\">\n\t\t\t\t\t\t<div class=\"elementor-container elementor-column-gap-default\">\n\t\t\t\t\t<div class=\"elementor-column elementor-col-25 elementor-inner-column elementor-element elementor-element-1265542\" data-id=\"1265542\" data-element_type=\"column\" data-e-type=\"column\">\n\t\t\t<div class=\"elementor-widget-wrap elementor-element-populated\">\n\t\t\t\t\t\t<div class=\"elementor-element elementor-element-be2f10a elementor-position-top elementor-widget elementor-widget-image-box\" data-id=\"be2f10a\" data-element_type=\"widget\" data-e-type=\"widget\" data-widget_type=\"image-box.default\">\n\t\t\t\t<div class=\"elementor-widget-container\">\n\t\t\t\t\t<div class=\"elementor-image-box-wrapper\"><figure class=\"elementor-image-box-img\"><img fetchpriority=\"high\" decoding=\"async\" width=\"600\" height=\"600\" src=\"https:\/\/edr.eu\/wp-content\/uploads\/2025\/02\/innovativeres-programmgebiet.png\" class=\"attachment-full size-full wp-image-3211\" alt=\"Icoon Digitale Connectiviteit\" srcset=\"https:\/\/edr.eu\/wp-content\/uploads\/2025\/02\/innovativeres-programmgebiet.png 600w, https:\/\/edr.eu\/wp-content\/uploads\/2025\/02\/innovativeres-programmgebiet-300x300.png 300w, https:\/\/edr.eu\/wp-content\/uploads\/2025\/02\/innovativeres-programmgebiet-150x150.png 150w, https:\/\/edr.eu\/wp-content\/uploads\/2025\/02\/innovativeres-programmgebiet-12x12.png 12w\" sizes=\"(max-width: 600px) 100vw, 600px\" \/><\/figure><div class=\"elementor-image-box-content\"><h3 class=\"elementor-image-box-title\">Een innovatiever programmagebied<\/h3><\/div><\/div>\t\t\t\t<\/div>\n\t\t\t\t<\/div>\n\t\t\t\t\t<\/div>\n\t\t<\/div>\n\t\t\t\t<div class=\"elementor-column elementor-col-25 elementor-inner-column elementor-element elementor-element-be8d862\" data-id=\"be8d862\" data-element_type=\"column\" data-e-type=\"column\">\n\t\t\t<div class=\"elementor-widget-wrap elementor-element-populated\">\n\t\t\t\t\t\t<div class=\"elementor-element elementor-element-0088720 elementor-position-top elementor-widget elementor-widget-image-box\" data-id=\"0088720\" data-element_type=\"widget\" data-e-type=\"widget\" data-widget_type=\"image-box.default\">\n\t\t\t\t<div class=\"elementor-widget-container\">\n\t\t\t\t\t<div class=\"elementor-image-box-wrapper\"><figure class=\"elementor-image-box-img\"><img decoding=\"async\" width=\"600\" height=\"600\" src=\"https:\/\/edr.eu\/wp-content\/uploads\/2025\/02\/grueneres-programmgebiet.png\" class=\"attachment-full size-full wp-image-3210\" alt=\"Icoon windenergie, hernieuwbare energie\" srcset=\"https:\/\/edr.eu\/wp-content\/uploads\/2025\/02\/grueneres-programmgebiet.png 600w, https:\/\/edr.eu\/wp-content\/uploads\/2025\/02\/grueneres-programmgebiet-300x300.png 300w, https:\/\/edr.eu\/wp-content\/uploads\/2025\/02\/grueneres-programmgebiet-150x150.png 150w, https:\/\/edr.eu\/wp-content\/uploads\/2025\/02\/grueneres-programmgebiet-12x12.png 12w\" sizes=\"(max-width: 600px) 100vw, 600px\" \/><\/figure><div class=\"elementor-image-box-content\"><h3 class=\"elementor-image-box-title\">Een groener<br>programmagebied<\/h3><\/div><\/div>\t\t\t\t<\/div>\n\t\t\t\t<\/div>\n\t\t\t\t\t<\/div>\n\t\t<\/div>\n\t\t\t\t<div class=\"elementor-column elementor-col-25 elementor-inner-column elementor-element elementor-element-22c8d5c\" data-id=\"22c8d5c\" data-element_type=\"column\" data-e-type=\"column\">\n\t\t\t<div class=\"elementor-widget-wrap elementor-element-populated\">\n\t\t\t\t\t\t<div class=\"elementor-element elementor-element-9beba2f elementor-position-top elementor-widget elementor-widget-image-box\" data-id=\"9beba2f\" data-element_type=\"widget\" data-e-type=\"widget\" data-widget_type=\"image-box.default\">\n\t\t\t\t<div class=\"elementor-widget-container\">\n\t\t\t\t\t<div class=\"elementor-image-box-wrapper\"><figure class=\"elementor-image-box-img\"><img loading=\"lazy\" decoding=\"async\" width=\"600\" height=\"600\" src=\"https:\/\/edr.eu\/wp-content\/uploads\/2025\/02\/zusammenarbeit-grenzgebiet.png\" class=\"attachment-full size-full wp-image-3212\" alt=\"Pictogram met drie personen samenwerking\" srcset=\"https:\/\/edr.eu\/wp-content\/uploads\/2025\/02\/zusammenarbeit-grenzgebiet.png 600w, https:\/\/edr.eu\/wp-content\/uploads\/2025\/02\/zusammenarbeit-grenzgebiet-300x300.png 300w, https:\/\/edr.eu\/wp-content\/uploads\/2025\/02\/zusammenarbeit-grenzgebiet-150x150.png 150w, https:\/\/edr.eu\/wp-content\/uploads\/2025\/02\/zusammenarbeit-grenzgebiet-12x12.png 12w\" sizes=\"(max-width: 600px) 100vw, 600px\" \/><\/figure><div class=\"elementor-image-box-content\"><h3 class=\"elementor-image-box-title\">Samenwerken aan een verbonden grensgebied<\/h3><\/div><\/div>\t\t\t\t<\/div>\n\t\t\t\t<\/div>\n\t\t\t\t\t<\/div>\n\t\t<\/div>\n\t\t\t\t<div class=\"elementor-column elementor-col-25 elementor-inner-column elementor-element elementor-element-9177be5\" data-id=\"9177be5\" data-element_type=\"column\" data-e-type=\"column\">\n\t\t\t<div class=\"elementor-widget-wrap elementor-element-populated\">\n\t\t\t\t\t\t<div class=\"elementor-element elementor-element-a79a535 elementor-position-top elementor-widget elementor-widget-image-box\" data-id=\"a79a535\" data-element_type=\"widget\" data-e-type=\"widget\" data-widget_type=\"image-box.default\">\n\t\t\t\t<div class=\"elementor-widget-container\">\n\t\t\t\t\t<div class=\"elementor-image-box-wrapper\"><figure class=\"elementor-image-box-img\"><img loading=\"lazy\" decoding=\"async\" width=\"600\" height=\"600\" src=\"https:\/\/edr.eu\/wp-content\/uploads\/2025\/02\/buergernahes-europa.png\" class=\"attachment-full size-full wp-image-3209\" alt=\"Pictogram Stedelijke Gemeenschap\" srcset=\"https:\/\/edr.eu\/wp-content\/uploads\/2025\/02\/buergernahes-europa.png 600w, https:\/\/edr.eu\/wp-content\/uploads\/2025\/02\/buergernahes-europa-300x300.png 300w, https:\/\/edr.eu\/wp-content\/uploads\/2025\/02\/buergernahes-europa-150x150.png 150w, https:\/\/edr.eu\/wp-content\/uploads\/2025\/02\/buergernahes-europa-12x12.png 12w\" sizes=\"(max-width: 600px) 100vw, 600px\" \/><\/figure><div class=\"elementor-image-box-content\"><h3 class=\"elementor-image-box-title\">Een Europa dichter bij de<br>burger in het grensgebied<\/h3><\/div><\/div>\t\t\t\t<\/div>\n\t\t\t\t<\/div>\n\t\t\t\t\t<\/div>\n\t\t<\/div>\n\t\t\t\t\t<\/div>\n\t\t<\/section>\n\t\t\t\t<div class=\"elementor-element elementor-element-70f681a elementor-widget-divider--view-line elementor-widget elementor-widget-divider\" data-id=\"70f681a\" data-element_type=\"widget\" data-e-type=\"widget\" data-widget_type=\"divider.default\">\n\t\t\t\t<div class=\"elementor-widget-container\">\n\t\t\t\t\t\t\t<div class=\"elementor-divider\">\n\t\t\t<span class=\"elementor-divider-separator\">\n\t\t\t\t\t\t<\/span>\n\t\t<\/div>\n\t\t\t\t\t\t<\/div>\n\t\t\t\t<\/div>\n\t\t\t\t<div class=\"elementor-element elementor-element-81b202e elementor-widget elementor-widget-text-editor\" data-id=\"81b202e\" data-element_type=\"widget\" data-e-type=\"widget\" data-widget_type=\"text-editor.default\">\n\t\t\t\t<div class=\"elementor-widget-container\">\n\t\t\t\t\t\t\t\t\t<p>Het programmagebied Interreg Duitsland-Nederland is de afgelopen drie decennia voortdurend aangepast aan de eisen van de grensoverschrijdende samenwerking. Vandaag de dag vormt het een nauw verbonden regio waarin partners uit beide landen effectief samenwerken. De focus ligt op het verder uitbouwen van bestaande verbindingen en netwerken en het duurzaam versterken van de economische, sociale en territoriale ontwikkeling.<\/p>\t\t\t\t\t\t\t\t<\/div>\n\t\t\t\t<\/div>\n\t\t\t\t\t<\/div>\n\t\t<\/div>\n\t\t\t\t\t<\/div>\n\t\t<\/section>\n\t\t\t\t<section class=\"elementor-section elementor-top-section elementor-element elementor-element-4e001a1 elementor-section-boxed elementor-section-height-default elementor-section-height-default\" data-id=\"4e001a1\" data-element_type=\"section\" data-e-type=\"section\" id=\"programm\" data-settings=\"{&quot;background_background&quot;:&quot;classic&quot;,&quot;_ha_eqh_enable&quot;:false}\">\n\t\t\t\t\t\t<div class=\"elementor-container elementor-column-gap-wider\">\n\t\t\t\t\t<div class=\"elementor-column elementor-col-50 elementor-top-column elementor-element elementor-element-c3e2aaf\" data-id=\"c3e2aaf\" data-element_type=\"column\" data-e-type=\"column\" data-settings=\"{&quot;background_background&quot;:&quot;classic&quot;}\">\n\t\t\t<div class=\"elementor-widget-wrap elementor-element-populated\">\n\t\t\t\t\t\t<div class=\"elementor-element elementor-element-6a0c35c elementor-widget elementor-widget-heading\" data-id=\"6a0c35c\" data-element_type=\"widget\" data-e-type=\"widget\" data-widget_type=\"heading.default\">\n\t\t\t\t<div class=\"elementor-widget-container\">\n\t\t\t\t\t<h2 class=\"elementor-heading-title elementor-size-default\">Het programma<\/h2>\t\t\t\t<\/div>\n\t\t\t\t<\/div>\n\t\t\t\t<div class=\"elementor-element elementor-element-281be30 elementor-widget elementor-widget-text-editor\" data-id=\"281be30\" data-element_type=\"widget\" data-e-type=\"widget\" data-widget_type=\"text-editor.default\">\n\t\t\t\t<div class=\"elementor-widget-container\">\n\t\t\t\t\t\t\t\t\t<p>De vier breed geformuleerde prioriteiten vormen het kader voor mogelijke Duits-Nederlandse samenwerkingsprojecten binnen verschillende speerpunten. De inhoudelijke focus wordt bepaald door het \"Samenwerkingsprogramma 2021-2027 Interreg Deutschland-Nederland\", evenals door nationale beleidsdocumenten van de programmapartners, zoals de <a href=\"\/wp-content\/uploads\/2024\/11\/Strategie_Broschuere_DE_Einzelseiten-1.pdf\" target=\"_blank\" rel=\"noopener\">\u201eStrategie N(o)ord 2020\u201c<\/a> van de Eems Dollard Regio (EDR). <br \/>In de huidige subsidieperiode 2021-2027 is 225 miljoen euro beschikbaar uit het Europees Fonds voor Regionale Ontwikkeling (EFRO). Samen met eigen bijdragen van projectpartners en nationale cofinanciering wordt het totale investeringsvolume naar verwachting 465,8 miljoen euro.<\/p>\t\t\t\t\t\t\t\t<\/div>\n\t\t\t\t<\/div>\n\t\t\t\t<div class=\"elementor-element elementor-element-6d74933 elementor-widget elementor-widget-button\" data-id=\"6d74933\" data-element_type=\"widget\" data-e-type=\"widget\" data-widget_type=\"button.default\">\n\t\t\t\t<div class=\"elementor-widget-container\">\n\t\t\t\t\t\t\t\t\t<div class=\"elementor-button-wrapper\">\n\t\t\t\t\t<a class=\"elementor-button elementor-button-link elementor-size-md\" href=\"https:\/\/deutschland-nederland.eu\/nl\/\" target=\"_blank\" rel=\"nofollow noopener\">\n\t\t\t\t\t\t<span class=\"elementor-button-content-wrapper\">\n\t\t\t\t\t\t\t\t\t<span class=\"elementor-button-text\">Naar de Interreg website<\/span>\n\t\t\t\t\t<\/span>\n\t\t\t\t\t<\/a>\n\t\t\t\t<\/div>\n\t\t\t\t\t\t\t\t<\/div>\n\t\t\t\t<\/div>\n\t\t\t\t\t<\/div>\n\t\t<\/div>\n\t\t\t\t<div class=\"elementor-column elementor-col-50 elementor-top-column elementor-element elementor-element-b2fe93e\" data-id=\"b2fe93e\" data-element_type=\"column\" data-e-type=\"column\" data-settings=\"{&quot;background_background&quot;:&quot;classic&quot;}\">\n\t\t\t<div class=\"elementor-widget-wrap elementor-element-populated\">\n\t\t\t\t\t\t<div class=\"elementor-element elementor-element-a8d4a91 elementor-widget elementor-widget-text-editor\" data-id=\"a8d4a91\" data-element_type=\"widget\" data-e-type=\"widget\" data-widget_type=\"text-editor.default\">\n\t\t\t\t<div class=\"elementor-widget-container\">\n\t\t\t\t\t\t\t\t\t <div class=\"brlbs-cmpnt-container brlbs-cmpnt-content-blocker brlbs-cmpnt-with-individual-styles\" data-borlabs-cookie-content-blocker-id=\"youtube-content-blocker\" data-borlabs-cookie-content=\"PGlmcmFtZSB3aWR0aD0iNTYwIiBoZWlnaHQ9IjMxNSIgc3JjPSJodHRwczovL3d3dy55b3V0dWJlLW5vY29va2llLmNvbS9lbWJlZC9wSnY3R1BQVXF6Yz9zaT04VVMtYlRmTllHRVU5YzZHIiB0aXRsZT0iWW91VHViZSB2aWRlbyBwbGF5ZXIiIGZyYW1lYm9yZGVyPSIwIiBhbGxvdz0iYWNjZWxlcm9tZXRlcjsgYXV0b3BsYXk7IGNsaXBib2FyZC13cml0ZTsgZW5jcnlwdGVkLW1lZGlhOyBneXJvc2NvcGU7IHBpY3R1cmUtaW4tcGljdHVyZTsgd2ViLXNoYXJlIiByZWZlcnJlcnBvbGljeT0ic3RyaWN0LW9yaWdpbi13aGVuLWNyb3NzLW9yaWdpbiIgYWxsb3dmdWxsc2NyZWVuPjwvaWZyYW1lPg==\"><div class=\"brlbs-cmpnt-cb-preset-c brlbs-cmpnt-cb-youtube\"> <div class=\"brlbs-cmpnt-cb-thumbnail\" style=\"background-image: url('https:\/\/edr.eu\/wp-content\/uploads\/borlabs-cookie\/1\/yt_pJv7GPPUqzc_hqdefault.jpg')\"><\/div> <div class=\"brlbs-cmpnt-cb-main\"> <div class=\"brlbs-cmpnt-cb-play-button\"><\/div> <div class=\"brlbs-cmpnt-cb-content\"> <p class=\"brlbs-cmpnt-cb-description\">U bekijkt momenteel inhoud van een plaatshouder van <strong>YouTube<\/strong>. Klik op de knop hieronder om de volledige inhoud te bekijken. Houd er rekening mee dat u op deze manier gegevens deelt met providers van derden.<\/p> <a class=\"brlbs-cmpnt-cb-provider-toggle\" href=\"#\" data-borlabs-cookie-show-provider-information role=\"button\">Meer informatie<\/a> <\/div> <div class=\"brlbs-cmpnt-cb-buttons\"> <a class=\"brlbs-cmpnt-cb-btn\" href=\"#\" data-borlabs-cookie-unblock role=\"button\">Unblock content<\/a> <a class=\"brlbs-cmpnt-cb-btn\" href=\"#\" data-borlabs-cookie-accept-service role=\"button\" style=\"display: inherit\">Vereiste service accepteren en blokkade opheffen<\/a> <\/div> <\/div> <\/div><\/div>\t\t\t\t\t\t\t\t<\/div>\n\t\t\t\t<\/div>\n\t\t\t\t<div class=\"elementor-element elementor-element-77de408 elementor-widget elementor-widget-text-editor\" data-id=\"77de408\" data-element_type=\"widget\" data-e-type=\"widget\" data-widget_type=\"text-editor.default\">\n\t\t\t\t<div class=\"elementor-widget-container\">\n\t\t\t\t\t\t\t\t\tDe projectaanvraag vormt de basis voor het verdere verloop van het project. Mocht je vragen hebben of advies wensen, dan kun je te allen tijde contact opnemen met het regionale programmamanagement. In deze video vertellen projectpartners hoe zij de begeleiding vanuit het programma hebben ervaren.\t\t\t\t\t\t\t\t<\/div>\n\t\t\t\t<\/div>\n\t\t\t\t\t<\/div>\n\t\t<\/div>\n\t\t\t\t\t<\/div>\n\t\t<\/section>\n\t\t\t\t<\/div>","protected":false},"excerpt":{"rendered":"<p>Interreg Das Interreg-Programm unterst\u00fctzt grenz\u00fcbergreifende niederl\u00e4ndisch-deutsche Projekte. Haben Sie einen Projektvorschlag? Haben Sie Fragen oder ben\u00f6tigen Sie weitere Informationen zum Interreg-F\u00f6rderprogramm im Gebiet der Ems Dollart Region?Unser Team des regionalen Programmmanagements hilft Ihnen sehr gerne weiter! Kontakt rpm@edr.eu Ansprechpersonen Ziele: Europa w\u00e4chst an seinen nationalen Grenzen zusammen. Um diesen Prozess zu unterst\u00fctzen, hat die Europ\u00e4ische [&hellip;]<\/p>\n","protected":false},"author":13,"featured_media":0,"parent":0,"menu_order":0,"comment_status":"closed","ping_status":"closed","template":"","meta":{"footnotes":""},"wf_page_folders":[21],"class_list":["post-977","page","type-page","status-publish","hentry"],"_links":{"self":[{"href":"https:\/\/edr.eu\/nl\/wp-json\/wp\/v2\/pages\/977","targetHints":{"allow":["GET"]}}],"collection":[{"href":"https:\/\/edr.eu\/nl\/wp-json\/wp\/v2\/pages"}],"about":[{"href":"https:\/\/edr.eu\/nl\/wp-json\/wp\/v2\/types\/page"}],"author":[{"embeddable":true,"href":"https:\/\/edr.eu\/nl\/wp-json\/wp\/v2\/users\/13"}],"replies":[{"embeddable":true,"href":"https:\/\/edr.eu\/nl\/wp-json\/wp\/v2\/comments?post=977"}],"version-history":[{"count":8,"href":"https:\/\/edr.eu\/nl\/wp-json\/wp\/v2\/pages\/977\/revisions"}],"predecessor-version":[{"id":7452,"href":"https:\/\/edr.eu\/nl\/wp-json\/wp\/v2\/pages\/977\/revisions\/7452"}],"wp:attachment":[{"href":"https:\/\/edr.eu\/nl\/wp-json\/wp\/v2\/media?parent=977"}],"wp:term":[{"taxonomy":"wf_page_folders","embeddable":true,"href":"https:\/\/edr.eu\/nl\/wp-json\/wp\/v2\/wf_page_folders?post=977"}],"curies":[{"name":"wp","href":"https:\/\/api.w.org\/{rel}","templated":true}]}}