{"id":825,"date":"2023-07-24T14:54:26","date_gmt":"2023-07-24T12:54:26","guid":{"rendered":"http:\/\/vorschau.edr.eu\/?page_id=825"},"modified":"2025-08-28T18:37:56","modified_gmt":"2025-08-28T16:37:56","slug":"actueel","status":"publish","type":"page","link":"https:\/\/edr.eu\/nl\/aktuelles\/","title":{"rendered":"Nieuws"},"content":{"rendered":"<div data-elementor-type=\"wp-page\" data-elementor-id=\"825\" class=\"elementor elementor-825\" data-elementor-settings=\"{&quot;ha_cmc_init_switcher&quot;:&quot;no&quot;}\" data-elementor-post-type=\"page\">\n\t\t\t\t\t\t<section class=\"elementor-section elementor-top-section elementor-element elementor-element-d4b444d elementor-section-boxed elementor-section-height-default elementor-section-height-default\" data-id=\"d4b444d\" data-element_type=\"section\" data-e-type=\"section\" data-settings=\"{&quot;_ha_eqh_enable&quot;:false}\">\n\t\t\t\t\t\t<div class=\"elementor-container elementor-column-gap-default\">\n\t\t\t\t\t<div class=\"elementor-column elementor-col-100 elementor-top-column elementor-element elementor-element-bdb8e44\" data-id=\"bdb8e44\" data-element_type=\"column\" data-e-type=\"column\">\n\t\t\t<div class=\"elementor-widget-wrap elementor-element-populated\">\n\t\t\t\t\t\t<div class=\"elementor-element elementor-element-8e0706c elementor-widget elementor-widget-heading\" data-id=\"8e0706c\" data-element_type=\"widget\" data-e-type=\"widget\" data-widget_type=\"heading.default\">\n\t\t\t\t<div class=\"elementor-widget-container\">\n\t\t\t\t\t<h1 class=\"elementor-heading-title elementor-size-default\">Actuele thema's<\/h1>\t\t\t\t<\/div>\n\t\t\t\t<\/div>\n\t\t\t\t<section class=\"elementor-section elementor-inner-section elementor-element elementor-element-2da05ca elementor-section-boxed elementor-section-height-default elementor-section-height-default\" data-id=\"2da05ca\" data-element_type=\"section\" data-e-type=\"section\" data-settings=\"{&quot;_ha_eqh_enable&quot;:false}\">\n\t\t\t\t\t\t<div class=\"elementor-container elementor-column-gap-default\">\n\t\t\t\t\t<div class=\"elementor-column elementor-col-100 elementor-inner-column elementor-element elementor-element-5302900\" data-id=\"5302900\" data-element_type=\"column\" data-e-type=\"column\" data-settings=\"{&quot;background_background&quot;:&quot;classic&quot;}\">\n\t\t\t<div class=\"elementor-widget-wrap elementor-element-populated\">\n\t\t\t\t\t\t<div class=\"elementor-element elementor-element-4b7619e uael-nav-menu__align-center uael-nav-menu__breakpoint-mobile uael-submenu-open-hover uael-submenu-icon-arrow uael-submenu-animation-none uael-link-redirect-child uael-nav-menu-toggle-label-no elementor-widget elementor-widget-uael-nav-menu\" data-id=\"4b7619e\" data-element_type=\"widget\" data-e-type=\"widget\" data-settings=\"{&quot;distance_from_menu&quot;:{&quot;unit&quot;:&quot;px&quot;,&quot;size&quot;:&quot;&quot;,&quot;sizes&quot;:[]},&quot;distance_from_menu_tablet_extra&quot;:{&quot;unit&quot;:&quot;px&quot;,&quot;size&quot;:&quot;&quot;,&quot;sizes&quot;:[]},&quot;distance_from_menu_tablet&quot;:{&quot;unit&quot;:&quot;px&quot;,&quot;size&quot;:&quot;&quot;,&quot;sizes&quot;:[]},&quot;distance_from_menu_mobile&quot;:{&quot;unit&quot;:&quot;px&quot;,&quot;size&quot;:&quot;&quot;,&quot;sizes&quot;:[]}}\" data-widget_type=\"uael-nav-menu.default\">\n\t\t\t\t<div class=\"elementor-widget-container\">\n\t\t\t\t\t\t\t<div class=\"uael-nav-menu uael-layout-horizontal uael-nav-menu-layout uael-pointer__none\" data-layout=\"horizontal\">\n\t\t\t\t<div role=\"button\" class=\"uael-nav-menu__toggle elementor-clickable\">\n\t\t\t\t\t<span class=\"screen-reader-text\">Hoofdmenu<\/span>\n\t\t\t\t\t<div class=\"uael-nav-menu-icon\">\n\t\t\t\t\t\t<svg aria-hidden=\"true\" class=\"e-font-icon-svg e-fas-align-justify\" viewbox=\"0 0 448 512\" xmlns=\"http:\/\/www.w3.org\/2000\/svg\"><path d=\"M432 416H16a16 16 0 0 0-16 16v32a16 16 0 0 0 16 16h416a16 16 0 0 0 16-16v-32a16 16 0 0 0-16-16zm0-128H16a16 16 0 0 0-16 16v32a16 16 0 0 0 16 16h416a16 16 0 0 0 16-16v-32a16 16 0 0 0-16-16zm0-128H16a16 16 0 0 0-16 16v32a16 16 0 0 0 16 16h416a16 16 0 0 0 16-16v-32a16 16 0 0 0-16-16zm0-128H16A16 16 0 0 0 0 48v32a16 16 0 0 0 16 16h416a16 16 0 0 0 16-16V48a16 16 0 0 0-16-16z\"><\/path><\/svg>\t\t\t\t\t<\/div>\n\t\t\t\t\t\t\t\t\t<\/div>\n\t\t\t\t\t\t\t<nav class=\"uael-nav-menu__layout-horizontal uael-nav-menu__submenu-arrow\" data-toggle-icon=\"&lt;svg aria-hidden=&quot;true&quot; class=&quot;e-font-icon-svg e-fas-align-justify&quot; viewBox=&quot;0 0 448 512&quot; xmlns=&quot;http:\/\/www.w3.org\/2000\/svg&quot;&gt;&lt;path d=&quot;M432 416H16a16 16 0 0 0-16 16v32a16 16 0 0 0 16 16h416a16 16 0 0 0 16-16v-32a16 16 0 0 0-16-16zm0-128H16a16 16 0 0 0-16 16v32a16 16 0 0 0 16 16h416a16 16 0 0 0 16-16v-32a16 16 0 0 0-16-16zm0-128H16a16 16 0 0 0-16 16v32a16 16 0 0 0 16 16h416a16 16 0 0 0 16-16v-32a16 16 0 0 0-16-16zm0-128H16A16 16 0 0 0 0 48v32a16 16 0 0 0 16 16h416a16 16 0 0 0 16-16V48a16 16 0 0 0-16-16z&quot;&gt;&lt;\/path&gt;&lt;\/svg&gt;\" data-close-icon=\"&lt;svg aria-hidden=&quot;true&quot; class=&quot;e-font-icon-svg e-far-window-close&quot; viewBox=&quot;0 0 512 512&quot; xmlns=&quot;http:\/\/www.w3.org\/2000\/svg&quot;&gt;&lt;path d=&quot;M464 32H48C21.5 32 0 53.5 0 80v352c0 26.5 21.5 48 48 48h416c26.5 0 48-21.5 48-48V80c0-26.5-21.5-48-48-48zm0 394c0 3.3-2.7 6-6 6H54c-3.3 0-6-2.7-6-6V86c0-3.3 2.7-6 6-6h404c3.3 0 6 2.7 6 6v340zM356.5 194.6L295.1 256l61.4 61.4c4.6 4.6 4.6 12.1 0 16.8l-22.3 22.3c-4.6 4.6-12.1 4.6-16.8 0L256 295.1l-61.4 61.4c-4.6 4.6-12.1 4.6-16.8 0l-22.3-22.3c-4.6-4.6-4.6-12.1 0-16.8l61.4-61.4-61.4-61.4c-4.6-4.6-4.6-12.1 0-16.8l22.3-22.3c4.6-4.6 12.1-4.6 16.8 0l61.4 61.4 61.4-61.4c4.6-4.6 12.1-4.6 16.8 0l22.3 22.3c4.7 4.6 4.7 12.1 0 16.8z&quot;&gt;&lt;\/path&gt;&lt;\/svg&gt;\" data-full-width=\"yes\"><ul id=\"menu-1-4b7619e\" class=\"uael-nav-menu\"><li id=\"menu-item-876\" class=\"menu-item menu-item-type-post_type menu-item-object-page parent uael-creative-menu\"><a href=\"https:\/\/edr.eu\/nl\/aktuelles\/\" class = \"uael-menu-item\">Alle thema's<\/a><\/li>\n<li id=\"menu-item-830\" class=\"menu-item menu-item-type-taxonomy menu-item-object-category parent uael-creative-menu\"><a href=\"https:\/\/edr.eu\/nl\/category\/aktuelles\/edr\/\" class = \"uael-menu-item\">EDR<\/a><\/li>\n<li id=\"menu-item-831\" class=\"menu-item menu-item-type-taxonomy menu-item-object-category parent uael-creative-menu\"><a href=\"https:\/\/edr.eu\/nl\/category\/aktuelles\/grenzinfopunkt\/\" class = \"uael-menu-item\">GrensInfoPunt<\/a><\/li>\n<li id=\"menu-item-832\" class=\"menu-item menu-item-type-taxonomy menu-item-object-category parent uael-creative-menu\"><a href=\"https:\/\/edr.eu\/nl\/category\/aktuelles\/interreg\/\" class = \"uael-menu-item\">Interreg<\/a><\/li>\n<li id=\"menu-item-833\" class=\"menu-item menu-item-type-taxonomy menu-item-object-category parent uael-creative-menu\"><a href=\"https:\/\/edr.eu\/nl\/category\/aktuelles\/kleinprojektefonds\/\" class = \"uael-menu-item\">Kleinprojectenfonds<\/a><\/li>\n<\/ul><\/nav>\n\t\t\t\t\t<\/div>\n\t\t\t\t\t\t\t<\/div>\n\t\t\t\t<\/div>\n\t\t\t\t\t<\/div>\n\t\t<\/div>\n\t\t\t\t\t<\/div>\n\t\t<\/section>\n\t\t\t\t<div class=\"elementor-element elementor-element-1367f2e uael-post__link-complete-yes uael-equal__height-yes uael-post__content-align-left ha-has-bg-overlay elementor-widget elementor-widget-uael-posts\" data-id=\"1367f2e\" data-element_type=\"widget\" data-e-type=\"widget\" data-settings=\"{&quot;business_slides_to_show&quot;:3,&quot;business_slides_to_show_tablet&quot;:2,&quot;business_slides_to_show_mobile&quot;:1,&quot;business_pagination_type&quot;:&quot;ajax&quot;,&quot;business_show_filters&quot;:&quot;no&quot;}\" data-widget_type=\"uael-posts.business\">\n\t\t\t\t<div class=\"elementor-widget-container\">\n\t\t\t\t\t\t\t<div class=\"uael-post__header\">\n\t\t\t\t\t<\/div>\n\t\t<div class=\"uael-post__body\">\n\t\t\t\n\t\t\n\t\t<div class=\"uael-blog-terms-position- uael-post-image-top uael-post-grid uael-posts\" data-query-type=\"custom\" data-structure=\"normal\" data-layout=\"\" data-page=\"825\" data-skin=\"business\" data-filter-default=\"\" data-offset-top=\"30\" >\n\n\t\t\t\t\t\t\t<div class=\"uael-post-grid__inner uael-post__columns-3 uael-post__columns-tablet-2 uael-post__columns-mobile-1\">\n\t\t\t\n\n<div class=\"uael-post-wrapper   aktuelles edr\">\n\t<div class=\"uael-post__bg-wrap uael-bg-wrap-disabled\">\n\n\t\t\t\t\t<a href=\"https:\/\/edr.eu\/nl\/tanken-im-nachbarland\/\" target=\"_self\" class=\"uael-post__complete-box-overlay\" aria-label=\"Link Volledige Doos\"><\/a>\n\t\t\t\t\n\t\t<div class=\"uael-post__inner-wrap uael-inner-wrap-disabled\">\n\n\t\t\t\t<div class=\"uael-post__thumbnail\">\n\t\t\t\t\t\t\t<img decoding=\"async\" src=\"https:\/\/edr.eu\/wp-content\/uploads\/elementor\/thumbs\/EDR-Info.-_-Warum-Tanken-im-Nachbarland-guenstiger-ist-rmdpws5nua0cgwtm0swzrq2gw4y58t1qyk6aspiyvs.jpg\" title=\"EDR Info. _ Waarom tanken in het buurland goedkoper is\" alt=\"EDR Info. _ Waarom tanken in het buurland goedkoper is\" loading=\"lazy\" \/>\t\t\t\t\t\t<\/div>\n\t\t\n\t\t\t\n\t\t\t<div class=\"uael-post__content-wrap uael-content-wrap-disabled\">\n\t\t\t\t\t\t<h2 class=\"uael-post__title\">\n\n\t\t\t\t\tTanken in het buurland\t\t\t\t<\/h2>\n\t\t\t\t\t<div class=\"uael-post__meta-data\">\n\t\t\t\t\t<span class=\"uael-post__date\">\n\t\t\t\t\t\t\t\t\t\t\t\t\t\t\t\t\t\t\t\t\t\t\n\t\t\t22 april 2026\t\t<\/span>\n\t\t\t\t<\/div>\n\t\t<div class=\"uael-post__separator-wrap\"><div class=\"uael-post__separator uael-post__gradient-separator\"><\/div><\/div>\n\t\t<div class=\"uael-post__excerpt\">\n\t\t\tWaarom benzine in Duitsland en Nederland verschillend geprijsd is\t\t<\/div>\n\n\t\t\t\t\t<\/div>\n\t\t\t\n\t\t<\/div>\n\t\t\n\t<\/div>\n\n<\/div>\n\n\n<div class=\"uael-post-wrapper   aktuelles edr\">\n\t<div class=\"uael-post__bg-wrap uael-bg-wrap-disabled\">\n\n\t\t\t\t\t<a href=\"https:\/\/edr.eu\/nl\/region-im-dialog\/\" target=\"_self\" class=\"uael-post__complete-box-overlay\" aria-label=\"Link Volledige Doos\"><\/a>\n\t\t\t\t\n\t\t<div class=\"uael-post__inner-wrap uael-inner-wrap-disabled\">\n\n\t\t\t\t<div class=\"uael-post__thumbnail\">\n\t\t\t\t\t\t\t<img decoding=\"async\" src=\"https:\/\/edr.eu\/wp-content\/uploads\/elementor\/thumbs\/Region-im-Dialog-1-rmdn4a8v4yfp5sstuv1yol1ag2ad9t2w556emoja54.jpg\" title=\"Regio in dialoog\" alt=\"Regio in dialoog\" loading=\"lazy\" \/>\t\t\t\t\t\t<\/div>\n\t\t\n\t\t\t\n\t\t\t<div class=\"uael-post__content-wrap uael-content-wrap-disabled\">\n\t\t\t\t\t\t<h2 class=\"uael-post__title\">\n\n\t\t\t\t\tRegio in dialoog\t\t\t\t<\/h2>\n\t\t\t\t\t<div class=\"uael-post__meta-data\">\n\t\t\t\t\t<span class=\"uael-post__date\">\n\t\t\t\t\t\t\t\t\t\t\t\t\t\t\t\t\t\t\t\t\t\t\n\t\t\t22 april 2026\t\t<\/span>\n\t\t\t\t<\/div>\n\t\t<div class=\"uael-post__separator-wrap\"><div class=\"uael-post__separator uael-post__gradient-separator\"><\/div><\/div>\n\t\t<div class=\"uael-post__excerpt\">\n\t\t\tGemeenten zetten in op gezamenlijke ontwikkeling\t\t<\/div>\n\n\t\t\t\t\t<\/div>\n\t\t\t\n\t\t<\/div>\n\t\t\n\t<\/div>\n\n<\/div>\n\n\n<div class=\"uael-post-wrapper   aktuelles edr kleinprojektefonds\">\n\t<div class=\"uael-post__bg-wrap uael-bg-wrap-disabled\">\n\n\t\t\t\t\t<a href=\"https:\/\/edr.eu\/nl\/musik-verbindet\/\" target=\"_self\" class=\"uael-post__complete-box-overlay\" aria-label=\"Link Volledige Doos\"><\/a>\n\t\t\t\t\n\t\t<div class=\"uael-post__inner-wrap uael-inner-wrap-disabled\">\n\n\t\t\t\t<div class=\"uael-post__thumbnail\">\n\t\t\t\t\t\t\t<img decoding=\"async\" src=\"https:\/\/edr.eu\/wp-content\/uploads\/elementor\/thumbs\/KPF-Beitragsbild-Musik-verbindet-rlb8g17h10i155kz7ayazy4hh53dkptavkpotea1w8.png\" title=\"KPF Omslagfoto Muziek verbindt\" alt=\"KPF Omslagfoto Muziek verbindt\" loading=\"lazy\" \/>\t\t\t\t\t\t<\/div>\n\t\t\n\t\t\t\n\t\t\t<div class=\"uael-post__content-wrap uael-content-wrap-disabled\">\n\t\t\t\t\t\t<h2 class=\"uael-post__title\">\n\n\t\t\t\t\tMuziek verbindt\t\t\t\t<\/h2>\n\t\t\t\t\t<div class=\"uael-post__meta-data\">\n\t\t\t\t\t<span class=\"uael-post__date\">\n\t\t\t\t\t\t\t\t\t\t\t\t\t\t\t\t\t\t\t\t\t\t\n\t\t\t31 maart 2026\t\t<\/span>\n\t\t\t\t<\/div>\n\t\t<div class=\"uael-post__separator-wrap\"><div class=\"uael-post__separator uael-post__gradient-separator\"><\/div><\/div>\n\t\t<div class=\"uael-post__excerpt\">\n\t\t\tGrensoverstijgend project in de Koepelkerk in Sappemeer\t\t<\/div>\n\n\t\t\t\t\t<\/div>\n\t\t\t\n\t\t<\/div>\n\t\t\n\t<\/div>\n\n<\/div>\n\n\n<div class=\"uael-post-wrapper   aktuelles edr grenzinfopunkt\">\n\t<div class=\"uael-post__bg-wrap uael-bg-wrap-disabled\">\n\n\t\t\t\t\t<a href=\"https:\/\/edr.eu\/nl\/langjaehriges-engagement-fuer-grenzpendlerinnen-abschied-beim-gip\/\" target=\"_self\" class=\"uael-post__complete-box-overlay\" aria-label=\"Link Volledige Doos\"><\/a>\n\t\t\t\t\n\t\t<div class=\"uael-post__inner-wrap uael-inner-wrap-disabled\">\n\n\t\t\t\t<div class=\"uael-post__thumbnail\">\n\t\t\t\t\t\t\t<img decoding=\"async\" src=\"https:\/\/edr.eu\/wp-content\/uploads\/elementor\/thumbs\/GIP-Titelbild-rl0nodaaj3qp3cqac39r111yosfdsjc3kxoatqrpy0.png\" title=\"GIP-titelbeeld\" alt=\"GIP-titelbeeld\" loading=\"lazy\" \/>\t\t\t\t\t\t<\/div>\n\t\t\n\t\t\t\n\t\t\t<div class=\"uael-post__content-wrap uael-content-wrap-disabled\">\n\t\t\t\t\t\t<h2 class=\"uael-post__title\">\n\n\t\t\t\t\tJarenlange inzet voor grenspendelaars \u2013 afscheid bij het GIP\t\t\t\t<\/h2>\n\t\t\t\t\t<div class=\"uael-post__meta-data\">\n\t\t\t\t\t<span class=\"uael-post__date\">\n\t\t\t\t\t\t\t\t\t\t\t\t\t\t\t\t\t\t\t\t\t\t\n\t\t\t25 maart 2026\t\t<\/span>\n\t\t\t\t<\/div>\n\t\t<div class=\"uael-post__separator-wrap\"><div class=\"uael-post__separator uael-post__gradient-separator\"><\/div><\/div>\n\t\t<div class=\"uael-post__excerpt\">\n\t\t\tTijd om afscheid te nemen was het tijdens de laatste spreekdag van het GrenzInfoPunkt (GIP)\t\t<\/div>\n\n\t\t\t\t\t<\/div>\n\t\t\t\n\t\t<\/div>\n\t\t\n\t<\/div>\n\n<\/div>\n\n\n<div class=\"uael-post-wrapper   aktuelles edr\">\n\t<div class=\"uael-post__bg-wrap uael-bg-wrap-disabled\">\n\n\t\t\t\t\t<a href=\"https:\/\/edr.eu\/nl\/kommunalwahlen-in-den-niederlanden\/\" target=\"_self\" class=\"uael-post__complete-box-overlay\" aria-label=\"Link Volledige Doos\"><\/a>\n\t\t\t\t\n\t\t<div class=\"uael-post__inner-wrap uael-inner-wrap-disabled\">\n\n\t\t\t\t<div class=\"uael-post__thumbnail\">\n\t\t\t\t\t\t\t<img decoding=\"async\" src=\"https:\/\/edr.eu\/wp-content\/uploads\/elementor\/thumbs\/EDR-INFO.-Kommunalwahlen-NL-rkz70zm5hp3y21vi0sw37bl0e2igket5nod1bd2gpk.png\" title=\"EDR INFO. Lokale verkiezingen NL\" alt=\"EDR INFO. Lokale verkiezingen NL\" loading=\"lazy\" \/>\t\t\t\t\t\t<\/div>\n\t\t\n\t\t\t\n\t\t\t<div class=\"uael-post__content-wrap uael-content-wrap-disabled\">\n\t\t\t\t\t\t<h2 class=\"uael-post__title\">\n\n\t\t\t\t\tGemeenteraadsverkiezingen in Nederland\t\t\t\t<\/h2>\n\t\t\t\t\t<div class=\"uael-post__meta-data\">\n\t\t\t\t\t<span class=\"uael-post__date\">\n\t\t\t\t\t\t\t\t\t\t\t\t\t\t\t\t\t\t\t\t\t\t\n\t\t\t24 maart 2026\t\t<\/span>\n\t\t\t\t<\/div>\n\t\t<div class=\"uael-post__separator-wrap\"><div class=\"uael-post__separator uael-post__gradient-separator\"><\/div><\/div>\n\t\t<div class=\"uael-post__excerpt\">\n\t\t\tOp 18 maart hebben in Nederland de gemeenteraadsverkiezingen plaatsgevonden\t\t<\/div>\n\n\t\t\t\t\t<\/div>\n\t\t\t\n\t\t<\/div>\n\t\t\n\t<\/div>\n\n<\/div>\n\n\n<div class=\"uael-post-wrapper   aktuelles edr\">\n\t<div class=\"uael-post__bg-wrap uael-bg-wrap-disabled\">\n\n\t\t\t\t\t<a href=\"https:\/\/edr.eu\/nl\/grenzuebergreifenden-tourismus-aktiv-und-gemeinsam-gestalten\/\" target=\"_self\" class=\"uael-post__complete-box-overlay\" aria-label=\"Link Volledige Doos\"><\/a>\n\t\t\t\t\n\t\t<div class=\"uael-post__inner-wrap uael-inner-wrap-disabled\">\n\n\t\t\t\t<div class=\"uael-post__thumbnail\">\n\t\t\t\t\t\t\t<img decoding=\"async\" src=\"https:\/\/edr.eu\/wp-content\/uploads\/elementor\/thumbs\/Titelbild-Tourismus-scaled-rkouckymop25ifydezivcelc2w9wvvlqqmkzpbpiqg.jpeg\" title=\"Titelbeeld Toerisme\" alt=\"Handig met een kaart\" loading=\"lazy\" \/>\t\t\t\t\t\t<\/div>\n\t\t\n\t\t\t\n\t\t\t<div class=\"uael-post__content-wrap uael-content-wrap-disabled\">\n\t\t\t\t\t\t<h2 class=\"uael-post__title\">\n\n\t\t\t\t\tGrensoverstijgend toerisme actief en gezamenlijk vormgeven\t\t\t\t<\/h2>\n\t\t\t\t\t<div class=\"uael-post__meta-data\">\n\t\t\t\t\t<span class=\"uael-post__date\">\n\t\t\t\t\t\t\t\t\t\t\t\t\t\t\t\t\t\t\t\t\t\t\n\t\t\t18. maart 2026\t\t<\/span>\n\t\t\t\t<\/div>\n\t\t<div class=\"uael-post__separator-wrap\"><div class=\"uael-post__separator uael-post__gradient-separator\"><\/div><\/div>\n\t\t<div class=\"uael-post__excerpt\">\n\t\t\tHoe kan het grensgebied tussen Duitsland en Nederland nog sterker als gezamenlijke toeristische regio worden gezien? \t\t<\/div>\n\n\t\t\t\t\t<\/div>\n\t\t\t\n\t\t<\/div>\n\t\t\n\t<\/div>\n\n<\/div>\n\n\n<div class=\"uael-post-wrapper   aktuelles edr\">\n\t<div class=\"uael-post__bg-wrap uael-bg-wrap-disabled\">\n\n\t\t\t\t\t<a href=\"https:\/\/edr.eu\/nl\/grenzuebergreifende-zusammenarbeit-im-fokus-edr-zu-besuch-in-der-samtgemeinde-lathen\/\" target=\"_self\" class=\"uael-post__complete-box-overlay\" aria-label=\"Link Volledige Doos\"><\/a>\n\t\t\t\t\n\t\t<div class=\"uael-post__inner-wrap uael-inner-wrap-disabled\">\n\n\t\t\t\t<div class=\"uael-post__thumbnail\">\n\t\t\t\t\t\t\t<img decoding=\"async\" src=\"https:\/\/edr.eu\/wp-content\/uploads\/elementor\/thumbs\/Bezoek-Lathen-rkayqceha9983byveu467o42ba5gychiv0khka2zh4.jpg\" title=\"Bezoek Lathen\" alt=\"Vijf personen voor een gemeentehuis\" loading=\"lazy\" \/>\t\t\t\t\t\t<\/div>\n\t\t\n\t\t\t\n\t\t\t<div class=\"uael-post__content-wrap uael-content-wrap-disabled\">\n\t\t\t\t\t\t<h2 class=\"uael-post__title\">\n\n\t\t\t\t\tGrensoverstijgende samenwerking in de schijnwerpers: EDR op bezoek bij de Samtgemeinde Lathen\t\t\t\t<\/h2>\n\t\t\t\t\t<div class=\"uael-post__meta-data\">\n\t\t\t\t\t<span class=\"uael-post__date\">\n\t\t\t\t\t\t\t\t\t\t\t\t\t\t\t\t\t\t\t\t\t\t\n\t\t\t10 maart 2026\t\t<\/span>\n\t\t\t\t<\/div>\n\t\t<div class=\"uael-post__separator-wrap\"><div class=\"uael-post__separator uael-post__gradient-separator\"><\/div><\/div>\n\t\t<div class=\"uael-post__excerpt\">\n\t\t\tMidden in het Emsland laat de Samtgemeinde Lathen zien hoe grensoverstijgende samenwerking wordt geleefd!\t\t<\/div>\n\n\t\t\t\t\t<\/div>\n\t\t\t\n\t\t<\/div>\n\t\t\n\t<\/div>\n\n<\/div>\n\n\n<div class=\"uael-post-wrapper   aktuelles edr\">\n\t<div class=\"uael-post__bg-wrap uael-bg-wrap-disabled\">\n\n\t\t\t\t\t<a href=\"https:\/\/edr.eu\/nl\/kooperation-ohne-grenzen-arbeitsbesuch-der-euregios-in-berlin\/\" target=\"_self\" class=\"uael-post__complete-box-overlay\" aria-label=\"Link Volledige Doos\"><\/a>\n\t\t\t\t\n\t\t<div class=\"uael-post__inner-wrap uael-inner-wrap-disabled\">\n\n\t\t\t\t<div class=\"uael-post__thumbnail\">\n\t\t\t\t\t\t\t<img decoding=\"async\" src=\"https:\/\/edr.eu\/wp-content\/uploads\/elementor\/thumbs\/Berlin-I-rk2g6ljfxg5glk07f2omh02h29xugec7x5671ew6c8.jpeg\" title=\"Berlijn I\" alt=\"Mensen voor de Brandenburger Tor\" loading=\"lazy\" \/>\t\t\t\t\t\t<\/div>\n\t\t\n\t\t\t\n\t\t\t<div class=\"uael-post__content-wrap uael-content-wrap-disabled\">\n\t\t\t\t\t\t<h2 class=\"uael-post__title\">\n\n\t\t\t\t\tSamenwerking zonder grenzen: werkbezoek van de Euregios in Berlijn\t\t\t\t<\/h2>\n\t\t\t\t\t<div class=\"uael-post__meta-data\">\n\t\t\t\t\t<span class=\"uael-post__date\">\n\t\t\t\t\t\t\t\t\t\t\t\t\t\t\t\t\t\t\t\t\t\t\n\t\t\t5 maart 2026\t\t<\/span>\n\t\t\t\t<\/div>\n\t\t<div class=\"uael-post__separator-wrap\"><div class=\"uael-post__separator uael-post__gradient-separator\"><\/div><\/div>\n\t\t<div class=\"uael-post__excerpt\">\n\t\t\tGrensoverstijgende samenwerking leeft van ontmoetingen, uitwisseling en gezamenlijke idee\u00ebn. \t\t<\/div>\n\n\t\t\t\t\t<\/div>\n\t\t\t\n\t\t<\/div>\n\t\t\n\t<\/div>\n\n<\/div>\n\n\n<div class=\"uael-post-wrapper   aktuelles edr f\u00f6rderungen interreg\">\n\t<div class=\"uael-post__bg-wrap uael-bg-wrap-disabled\">\n\n\t\t\t\t\t<a href=\"https:\/\/edr.eu\/nl\/neue-grenzuebergreifende-projekte-gesucht-people-to-people-im-fokus\/\" target=\"_self\" class=\"uael-post__complete-box-overlay\" aria-label=\"Link Volledige Doos\"><\/a>\n\t\t\t\t\n\t\t<div class=\"uael-post__inner-wrap uael-inner-wrap-disabled\">\n\n\t\t\t\t<div class=\"uael-post__thumbnail\">\n\t\t\t\t\t\t\t<img decoding=\"async\" src=\"https:\/\/edr.eu\/wp-content\/uploads\/elementor\/thumbs\/Neue-grenzuebergreifende-Projekte-gesucht-rjrpfg48nueoxy5pu7s2dykroxdl27e9zy2jd4vyu0.png\" title=\"Nieuwe grensoverschrijdende projecten gezocht\" alt=\"Afbeeldingssamenstelling &quot;nieuwe grensoverschrijdende projecten gezocht&quot;. Verschillende tekstfragmenten en kleine grafische elementen\" loading=\"lazy\" \/>\t\t\t\t\t\t<\/div>\n\t\t\n\t\t\t\n\t\t\t<div class=\"uael-post__content-wrap uael-content-wrap-disabled\">\n\t\t\t\t\t\t<h2 class=\"uael-post__title\">\n\n\t\t\t\t\tNieuwe grensoverstijgende projecten gezocht \u2013 focus op People-to-People\t\t\t\t<\/h2>\n\t\t\t\t\t<div class=\"uael-post__meta-data\">\n\t\t\t\t\t<span class=\"uael-post__date\">\n\t\t\t\t\t\t\t\t\t\t\t\t\t\t\t\t\t\t\t\t\t\t\n\t\t\t27 februari 2026\t\t<\/span>\n\t\t\t\t<\/div>\n\t\t<div class=\"uael-post__separator-wrap\"><div class=\"uael-post__separator uael-post__gradient-separator\"><\/div><\/div>\n\t\t<div class=\"uael-post__excerpt\">\n\t\t\tGrensoverstijgende samenwerking leeft van ontmoetingen, uitwisseling en gezamenlijke idee\u00ebn. \t\t<\/div>\n\n\t\t\t\t\t<\/div>\n\t\t\t\n\t\t<\/div>\n\t\t\n\t<\/div>\n\n<\/div>\n\t\t\t\t<\/div>\n\t\t\t\t\t\t\n\t\t<\/div>\n\n\t\t\t\t\t\t<\/div>\n\t\t<div class=\"uael-post__footer\">\n\t\t\t\t\t\t<nav class=\"uael-grid-pagination\"  role=\"navigation\" aria-label=\"Paginering\" data-total=\"5\" data-next-page=\"2\">\n\t\t\t\t<span aria-current=\"page\" class=\"page-numbers current\">1<\/span>\n<a class=\"page-numbers\" href=\"https:\/\/edr.eu\/nl\/wp-json\/wp\/v2\/pages\/825\/page\/2\/\">2<\/a>\n<a class=\"page-numbers\" href=\"https:\/\/edr.eu\/nl\/wp-json\/wp\/v2\/pages\/825\/page\/3\/\">3<\/a>\n<span class=\"page-numbers dots\">&hellip;<\/span>\n<a class=\"page-numbers\" href=\"https:\/\/edr.eu\/nl\/wp-json\/wp\/v2\/pages\/825\/page\/5\/\">5<\/a>\n<a class=\"next page-numbers\" href=\"https:\/\/edr.eu\/nl\/wp-json\/wp\/v2\/pages\/825\/page\/2\/\">Volgende &raquo;<\/a>\t\t\t<\/nav>\n\t\t\t\t\t<\/div>\n\t\t\t\t\t\t<\/div>\n\t\t\t\t<\/div>\n\t\t\t\t\t<\/div>\n\t\t<\/div>\n\t\t\t\t\t<\/div>\n\t\t<\/section>\n\t\t\t\t<\/div>","protected":false},"excerpt":{"rendered":"<p>Aktuelle Themen Main Menu Alle Themen EDR GrenzInfoPunkt Interreg Kleinprojektefonds \u201eVan Gras naar Gas\u201c: Wie aus \u00fcbersch\u00fcssigem Gras gr\u00fcnes Gas wird 27. August 2025 KPF-Projekt zeigt neue Wege f\u00fcr Klimaschutz und regionale Energieerzeugung. SAVE THE DATE: 33. EDR-Studientag am 20. November 14. August 2025 SAVE THE DATE: Der 33. EDR-Studientag f\u00fcr Lehrer*innen findet am 20. [&hellip;]<\/p>\n","protected":false},"author":13,"featured_media":0,"parent":0,"menu_order":0,"comment_status":"closed","ping_status":"closed","template":"","meta":{"footnotes":""},"wf_page_folders":[24],"class_list":["post-825","page","type-page","status-publish","hentry"],"_links":{"self":[{"href":"https:\/\/edr.eu\/nl\/wp-json\/wp\/v2\/pages\/825","targetHints":{"allow":["GET"]}}],"collection":[{"href":"https:\/\/edr.eu\/nl\/wp-json\/wp\/v2\/pages"}],"about":[{"href":"https:\/\/edr.eu\/nl\/wp-json\/wp\/v2\/types\/page"}],"author":[{"embeddable":true,"href":"https:\/\/edr.eu\/nl\/wp-json\/wp\/v2\/users\/13"}],"replies":[{"embeddable":true,"href":"https:\/\/edr.eu\/nl\/wp-json\/wp\/v2\/comments?post=825"}],"version-history":[{"count":5,"href":"https:\/\/edr.eu\/nl\/wp-json\/wp\/v2\/pages\/825\/revisions"}],"predecessor-version":[{"id":6772,"href":"https:\/\/edr.eu\/nl\/wp-json\/wp\/v2\/pages\/825\/revisions\/6772"}],"wp:attachment":[{"href":"https:\/\/edr.eu\/nl\/wp-json\/wp\/v2\/media?parent=825"}],"wp:term":[{"taxonomy":"wf_page_folders","embeddable":true,"href":"https:\/\/edr.eu\/nl\/wp-json\/wp\/v2\/wf_page_folders?post=825"}],"curies":[{"name":"wp","href":"https:\/\/api.w.org\/{rel}","templated":true}]}}