{"id":2467,"date":"2025-01-09T12:15:28","date_gmt":"2025-01-09T10:15:28","guid":{"rendered":"https:\/\/vorschau.edr.eu\/?page_id=2467"},"modified":"2025-08-28T18:48:48","modified_gmt":"2025-08-28T16:48:48","slug":"evenementenarchief","status":"publish","type":"page","link":"https:\/\/edr.eu\/nl\/termin-archiv\/","title":{"rendered":"Data-archief"},"content":{"rendered":"<div data-elementor-type=\"wp-page\" data-elementor-id=\"2467\" class=\"elementor elementor-2467\" data-elementor-settings=\"{&quot;ha_cmc_init_switcher&quot;:&quot;no&quot;}\" data-elementor-post-type=\"page\">\n\t\t\t\t\t\t<section class=\"elementor-section elementor-top-section elementor-element elementor-element-d4b444d elementor-section-boxed elementor-section-height-default elementor-section-height-default\" data-id=\"d4b444d\" data-element_type=\"section\" data-e-type=\"section\" data-settings=\"{&quot;_ha_eqh_enable&quot;:false}\">\n\t\t\t\t\t\t<div class=\"elementor-container elementor-column-gap-default\">\n\t\t\t\t\t<div class=\"elementor-column elementor-col-100 elementor-top-column elementor-element elementor-element-bdb8e44\" data-id=\"bdb8e44\" data-element_type=\"column\" data-e-type=\"column\">\n\t\t\t<div class=\"elementor-widget-wrap elementor-element-populated\">\n\t\t\t\t\t\t<div class=\"elementor-element elementor-element-8e0706c elementor-widget elementor-widget-heading\" data-id=\"8e0706c\" data-element_type=\"widget\" data-e-type=\"widget\" data-widget_type=\"heading.default\">\n\t\t\t\t<div class=\"elementor-widget-container\">\n\t\t\t\t\t<h1 class=\"elementor-heading-title elementor-size-default\">Data-archief<\/h1>\t\t\t\t<\/div>\n\t\t\t\t<\/div>\n\t\t\t\t<div class=\"elementor-element elementor-element-e173def elementor-widget elementor-widget-text-editor\" data-id=\"e173def\" data-element_type=\"widget\" data-e-type=\"widget\" data-widget_type=\"text-editor.default\">\n\t\t\t\t<div class=\"elementor-widget-container\">\n\t\t\t\t\t\t\t\t\t<p>Hier vindt u documenten en foto's van eerdere bijeenkomsten.<\/p>\t\t\t\t\t\t\t\t<\/div>\n\t\t\t\t<\/div>\n\t\t\t\t<div class=\"elementor-element elementor-element-2be0ab6 uael-post__link-complete-yes uael-equal__height-yes uael-post__content-align-left ha-has-bg-overlay elementor-widget elementor-widget-uael-posts\" data-id=\"2be0ab6\" data-element_type=\"widget\" data-e-type=\"widget\" data-settings=\"{&quot;business_slides_to_show&quot;:3,&quot;business_slides_to_show_tablet&quot;:2,&quot;business_slides_to_show_mobile&quot;:1,&quot;business_show_filters&quot;:&quot;no&quot;}\" data-widget_type=\"uael-posts.business\">\n\t\t\t\t<div class=\"elementor-widget-container\">\n\t\t\t\t\t\t\t<div class=\"uael-post__header\">\n\t\t\t\t\t<\/div>\n\t\t<div class=\"uael-post__body\">\n\t\t\t\n\t\t\n\t\t<div class=\"uael-blog-terms-position- uael-post-image-top uael-post-grid uael-posts\" data-query-type=\"custom\" data-structure=\"normal\" data-layout=\"\" data-page=\"2467\" data-skin=\"business\" data-filter-default=\"\" data-offset-top=\"30\" >\n\n\t\t\t\t\t\t\t<div class=\"uael-post-grid__inner uael-post__columns-3 uael-post__columns-tablet-2 uael-post__columns-mobile-1\">\n\t\t\t\n\n<div class=\"uael-post-wrapper   vergangene-termine\">\n\t<div class=\"uael-post__bg-wrap uael-bg-wrap-disabled\">\n\n\t\t\t\t\t<a href=\"https:\/\/edr.eu\/nl\/33-edr-studientag\/\" target=\"_self\" class=\"uael-post__complete-box-overlay\" aria-label=\"Link Volledige Doos\"><\/a>\n\t\t\t\t\n\t\t<div class=\"uael-post__inner-wrap uael-inner-wrap-disabled\">\n\n\t\t\t\t<div class=\"uael-post__thumbnail\">\n\t\t\t\t\t\t\t<img decoding=\"async\" src=\"https:\/\/edr.eu\/wp-content\/uploads\/elementor\/thumbs\/studientag2025-pre-rdjfp16lcufc39wvh8v2vl86djzq15im25t14l33mg.jpg\" title=\"studiedag2025-pre\" alt=\"studiedag2025-pre\" loading=\"lazy\" \/>\t\t\t\t\t\t<\/div>\n\t\t\n\t\t\t\n\t\t\t<div class=\"uael-post__content-wrap uael-content-wrap-disabled\">\n\t\t\t\t\t\t<h2 class=\"uael-post__title\">\n\n\t\t\t\t\t33e EDR-studiedag: Burgerschapsonderwijs\t\t\t\t<\/h2>\n\t\t\t\t\t<div class=\"uael-post__meta-data\">\n\t\t\t\t\t<span class=\"uael-post__date\">\n\t\t\t\t\t\t\t\t\t\t\t\t\t\t\t\t\t\t\t\t\t\t\n\t\t\t21 oktober 2025\t\t<\/span>\n\t\t\t\t<\/div>\n\t\t<div class=\"uael-post__separator-wrap\"><div class=\"uael-post__separator uael-post__gradient-separator\"><\/div><\/div>\n\t\t<div class=\"uael-post__excerpt\">\n\t\t\tGezien de huidige maatschappelijke ontwikkelingen wint het thema democratieonderwijs meer aan belang dan ooit. Tijdens de 33e EDR-studiendag staat daarom de vraag centraal hoe democratische waarden ...\t\t<\/div>\n\n\t\t\t\t\t<\/div>\n\t\t\t\n\t\t<\/div>\n\t\t\n\t<\/div>\n\n<\/div>\n\n\n<div class=\"uael-post-wrapper   uncategorized vergangene-termine\">\n\t<div class=\"uael-post__bg-wrap uael-bg-wrap-disabled\">\n\n\t\t\t\t\t<a href=\"https:\/\/edr.eu\/nl\/54-edr-verbandsversammlung\/\" target=\"_self\" class=\"uael-post__complete-box-overlay\" aria-label=\"Link Volledige Doos\"><\/a>\n\t\t\t\t\n\t\t<div class=\"uael-post__inner-wrap uael-inner-wrap-disabled\">\n\n\t\t\t\t<div class=\"uael-post__thumbnail\">\n\t\t\t\t\t\t\t<img decoding=\"async\" src=\"https:\/\/edr.eu\/wp-content\/uploads\/2025\/05\/Logo_EDR_020317-quer.svg\" title=\"Logo_EDR_020317-dwars\" alt=\"EDR Logo\" loading=\"lazy\" \/>\t\t\t\t\t\t<\/div>\n\t\t\n\t\t\t\n\t\t\t<div class=\"uael-post__content-wrap uael-content-wrap-disabled\">\n\t\t\t\t\t\t<h2 class=\"uael-post__title\">\n\n\t\t\t\t\t54e EDR-ledenraadsvergadering\t\t\t\t<\/h2>\n\t\t\t\t\t<div class=\"uael-post__meta-data\">\n\t\t\t\t\t<span class=\"uael-post__date\">\n\t\t\t\t\t\t\t\t\t\t\t\t\t\t\t\t\t\t\t\t\t\t\n\t\t\t9 juni 2025\t\t<\/span>\n\t\t\t\t<\/div>\n\t\t<div class=\"uael-post__separator-wrap\"><div class=\"uael-post__separator uael-post__gradient-separator\"><\/div><\/div>\n\t\t<div class=\"uael-post__excerpt\">\n\t\t\t25.06.2025<br> 11:00 tot 13:00 uur<br> Goederenstation Papenburg, Bahnhofstra\u00dfe 21, 26871 Papenburg <br> <br>\u2026 lees meer \u00bb\t\t<\/div>\n\n\t\t\t\t\t<\/div>\n\t\t\t\n\t\t<\/div>\n\t\t\n\t<\/div>\n\n<\/div>\n\n\n<div class=\"uael-post-wrapper   uncategorized vergangene-termine\">\n\t<div class=\"uael-post__bg-wrap uael-bg-wrap-disabled\">\n\n\t\t\t\t\t<a href=\"https:\/\/edr.eu\/nl\/edr-netzwerkveranstaltung-tourismus-in-papenburg\/\" target=\"_self\" class=\"uael-post__complete-box-overlay\" aria-label=\"Link Volledige Doos\"><\/a>\n\t\t\t\t\n\t\t<div class=\"uael-post__inner-wrap uael-inner-wrap-disabled\">\n\n\t\t\t\t<div class=\"uael-post__thumbnail\">\n\t\t\t\t\t\t\t<img decoding=\"async\" src=\"https:\/\/edr.eu\/wp-content\/uploads\/2025\/05\/Logo_EDR_020317-quer.svg\" title=\"Logo_EDR_020317-dwars\" alt=\"EDR Logo\" loading=\"lazy\" \/>\t\t\t\t\t\t<\/div>\n\t\t\n\t\t\t\n\t\t\t<div class=\"uael-post__content-wrap uael-content-wrap-disabled\">\n\t\t\t\t\t\t<h2 class=\"uael-post__title\">\n\n\t\t\t\t\tEDR netwerkbijeenkomst \"Tourisme\" in Papenburg\t\t\t\t<\/h2>\n\t\t\t\t\t<div class=\"uael-post__meta-data\">\n\t\t\t\t\t<span class=\"uael-post__date\">\n\t\t\t\t\t\t\t\t\t\t\t\t\t\t\t\t\t\t\t\t\t\t\n\t\t\t15 mei 2025\t\t<\/span>\n\t\t\t\t<\/div>\n\t\t<div class=\"uael-post__separator-wrap\"><div class=\"uael-post__separator uael-post__gradient-separator\"><\/div><\/div>\n\t\t<div class=\"uael-post__excerpt\">\n\t\t\t09.07.2025<br> 14:00 tot 16:00 uur<br> Historisch-Ecologische Educatieve Instelling (H\u00d6B), Spillmannsweg 30, 26871 Papenburg\t\t<\/div>\n\n\t\t\t\t\t<\/div>\n\t\t\t\n\t\t<\/div>\n\t\t\n\t<\/div>\n\n<\/div>\n\n\n<div class=\"uael-post-wrapper   vergangene-termine\">\n\t<div class=\"uael-post__bg-wrap uael-bg-wrap-disabled\">\n\n\t\t\t\t\t<a href=\"https:\/\/edr.eu\/nl\/ondermijning-auswirkungen-der-unterwanderungskriminalita%cc%88t\/\" target=\"_self\" class=\"uael-post__complete-box-overlay\" aria-label=\"Link Volledige Doos\"><\/a>\n\t\t\t\t\n\t\t<div class=\"uael-post__inner-wrap uael-inner-wrap-disabled\">\n\n\t\t\t\t<div class=\"uael-post__thumbnail\">\n\t\t\t\t\t\t\t<img decoding=\"async\" src=\"https:\/\/edr.eu\/wp-content\/uploads\/elementor\/thumbs\/ondermijning-auswirkungen-derunterwanderungskriminalitaet-r0xbt7t3lhotiplb7l77uivxmyyylkrg7q35kb7py0.jpg\" title=\"Ondermijning \u2013 gevolgen van de ondermijningscriminaliteit\" alt=\"Ondermijning - Gevolgen van ondergrondse criminaliteit Logo\" loading=\"lazy\" \/>\t\t\t\t\t\t<\/div>\n\t\t\n\t\t\t\n\t\t\t<div class=\"uael-post__content-wrap uael-content-wrap-disabled\">\n\t\t\t\t\t\t<h2 class=\"uael-post__title\">\n\n\t\t\t\t\tThemadag over het onderwerp \u201cOndermijning\u201d\t\t\t\t<\/h2>\n\t\t\t\t\t<div class=\"uael-post__meta-data\">\n\t\t\t\t\t<span class=\"uael-post__date\">\n\t\t\t\t\t\t\t\t\t\t\t\t\t\t\t\t\t\t\t\t\t\t\n\t\t\t2 februari 2025\t\t<\/span>\n\t\t\t\t<\/div>\n\t\t<div class=\"uael-post__separator-wrap\"><div class=\"uael-post__separator uael-post__gradient-separator\"><\/div><\/div>\n\t\t<div class=\"uael-post__excerpt\">\n\t\t\t26.02.2025<br> 9:15 tot 14:00 uur<br> Theater Geert Teis, Geert Teisplein 2, 9501 VL Stadskanaal\t\t<\/div>\n\n\t\t\t\t\t<\/div>\n\t\t\t\n\t\t<\/div>\n\t\t\n\t<\/div>\n\n<\/div>\n\n\n<div class=\"uael-post-wrapper   vergangene-termine\">\n\t<div class=\"uael-post__bg-wrap uael-bg-wrap-disabled\">\n\n\t\t\t\t\t<a href=\"https:\/\/edr.eu\/nl\/netzwerkveranstaltung-grenzen-verbinden-in-lingen-ems\/\" target=\"_self\" class=\"uael-post__complete-box-overlay\" aria-label=\"Link Volledige Doos\"><\/a>\n\t\t\t\t\n\t\t<div class=\"uael-post__inner-wrap uael-inner-wrap-disabled\">\n\n\t\t\t\t<div class=\"uael-post__thumbnail\">\n\t\t\t\t\t\t\t<img decoding=\"async\" src=\"https:\/\/edr.eu\/wp-content\/uploads\/elementor\/thumbs\/grenzen-verbinden-save-the-date-27-03-2025-r0x8puvfx38w1tcigybdy4j02luhoho98jp9r6bt3s.jpg\" title=\"Bijeenkomst \u2018\u2018Grenzen verbinden\u2019\u2019 op 27 maart 2025\" alt=\"Save-the-date-grafiek: Grenzen verbinden\" loading=\"lazy\" \/>\t\t\t\t\t\t<\/div>\n\t\t\n\t\t\t\n\t\t\t<div class=\"uael-post__content-wrap uael-content-wrap-disabled\">\n\t\t\t\t\t\t<h2 class=\"uael-post__title\">\n\n\t\t\t\t\tBijeenkomst \u2018\u2018Grenzen verbinden\u2019\u2019 op 27 maart 2025\t\t\t\t<\/h2>\n\t\t\t\t\t<div class=\"uael-post__meta-data\">\n\t\t\t\t\t<span class=\"uael-post__date\">\n\t\t\t\t\t\t\t\t\t\t\t\t\t\t\t\t\t\t\t\t\t\t\n\t\t\t2 februari 2025\t\t<\/span>\n\t\t\t\t<\/div>\n\t\t<div class=\"uael-post__separator-wrap\"><div class=\"uael-post__separator uael-post__gradient-separator\"><\/div><\/div>\n\t\t<div class=\"uael-post__excerpt\">\n\t\t\t27.03.2025<br> 9:30 tot 10:30 uur<br> Campus Lingen, Kaiserstra\u00dfe 10c, 49809 Lingen (Ems)\t\t<\/div>\n\n\t\t\t\t\t<\/div>\n\t\t\t\n\t\t<\/div>\n\t\t\n\t<\/div>\n\n<\/div>\n\t\t\t\t<\/div>\n\t\t\t\t\t\t\n\t\t<\/div>\n\n\t\t\t\t\t\t<\/div>\n\t\t<div class=\"uael-post__footer\">\n\t\t\t\t\t<\/div>\n\t\t\t\t\t\t<\/div>\n\t\t\t\t<\/div>\n\t\t\t\t<div class=\"elementor-element elementor-element-963da25 elementor-align-center elementor-widget elementor-widget-button\" data-id=\"963da25\" data-element_type=\"widget\" data-e-type=\"widget\" data-widget_type=\"button.default\">\n\t\t\t\t<div class=\"elementor-widget-container\">\n\t\t\t\t\t\t\t\t\t<div class=\"elementor-button-wrapper\">\n\t\t\t\t\t<a class=\"elementor-button elementor-button-link elementor-size-sm\" href=\"\/termine\">\n\t\t\t\t\t\t<span class=\"elementor-button-content-wrapper\">\n\t\t\t\t\t\t\t\t\t<span class=\"elementor-button-text\">Actuele afspraken<\/span>\n\t\t\t\t\t<\/span>\n\t\t\t\t\t<\/a>\n\t\t\t\t<\/div>\n\t\t\t\t\t\t\t\t<\/div>\n\t\t\t\t<\/div>\n\t\t\t\t\t<\/div>\n\t\t<\/div>\n\t\t\t\t\t<\/div>\n\t\t<\/section>\n\t\t\t\t<\/div>","protected":false},"excerpt":{"rendered":"<p>Hier finden Sie Informationen \u00fcber vergangene Termine. 54. EDR-Verbandsversammlung 9. Juni 2025 25.06.2025 11:00 bis 13:00 Uhr G\u00fcterbahnhof Papenburg, Bahnhofstra\u00dfe 21, 26871 Papenburg \u2026 weiterlesen \u00bb EDR Netzwerkveranstaltung &#8222;Tourismus&#8220; in Papenburg 15. Mai 2025 09.07.2025 14:00 bis 16:00 Uhr Historisch-\u00d6kologische Bildungsst\u00e4tte (H\u00d6B), Spillmannsweg 30, 26871 Papenburg Ondermijning &#8211; Auswirkungen der Unterwanderungskriminalita\u0308t 2. Februar 2025 26.02.2025 [&hellip;]<\/p>\n","protected":false},"author":13,"featured_media":0,"parent":0,"menu_order":0,"comment_status":"closed","ping_status":"closed","template":"","meta":{"footnotes":""},"wf_page_folders":[23],"class_list":["post-2467","page","type-page","status-publish","hentry"],"_links":{"self":[{"href":"https:\/\/edr.eu\/nl\/wp-json\/wp\/v2\/pages\/2467","targetHints":{"allow":["GET"]}}],"collection":[{"href":"https:\/\/edr.eu\/nl\/wp-json\/wp\/v2\/pages"}],"about":[{"href":"https:\/\/edr.eu\/nl\/wp-json\/wp\/v2\/types\/page"}],"author":[{"embeddable":true,"href":"https:\/\/edr.eu\/nl\/wp-json\/wp\/v2\/users\/13"}],"replies":[{"embeddable":true,"href":"https:\/\/edr.eu\/nl\/wp-json\/wp\/v2\/comments?post=2467"}],"version-history":[{"count":5,"href":"https:\/\/edr.eu\/nl\/wp-json\/wp\/v2\/pages\/2467\/revisions"}],"predecessor-version":[{"id":6785,"href":"https:\/\/edr.eu\/nl\/wp-json\/wp\/v2\/pages\/2467\/revisions\/6785"}],"wp:attachment":[{"href":"https:\/\/edr.eu\/nl\/wp-json\/wp\/v2\/media?parent=2467"}],"wp:term":[{"taxonomy":"wf_page_folders","embeddable":true,"href":"https:\/\/edr.eu\/nl\/wp-json\/wp\/v2\/wf_page_folders?post=2467"}],"curies":[{"name":"wp","href":"https:\/\/api.w.org\/{rel}","templated":true}]}}